{"id":77,"date":"2025-02-07T18:25:37","date_gmt":"2025-02-07T17:25:37","guid":{"rendered":"https:\/\/bistrotcforget.fr\/?page_id=77"},"modified":"2026-04-23T12:34:29","modified_gmt":"2026-04-23T10:34:29","slug":"les-cocottes-du-marche","status":"publish","type":"page","link":"https:\/\/bistrotcforget.fr\/index.php\/les-cocottes-du-marche\/","title":{"rendered":"Le bistrot au march\u00e9"},"content":{"rendered":"\t\t<div data-elementor-type=\"wp-page\" data-elementor-id=\"77\" class=\"elementor elementor-77\">\n\t\t\t\t<div class=\"elementor-element elementor-element-8e03abe e-flex e-con-boxed e-con e-parent\" data-id=\"8e03abe\" data-element_type=\"container\" data-e-type=\"container\">\n\t\t\t\t\t<div class=\"e-con-inner\">\n\t\t<div class=\"elementor-element elementor-element-854cc20 e-con-full e-flex e-con e-child\" data-id=\"854cc20\" data-element_type=\"container\" data-e-type=\"container\">\n\t\t\t\t<div class=\"elementor-element elementor-element-a275c25 elementor-widget elementor-widget-heading\" data-id=\"a275c25\" data-element_type=\"widget\" data-e-type=\"widget\" data-widget_type=\"heading.default\">\n\t\t\t\t<div class=\"elementor-widget-container\">\n\t\t\t\t\t<h2 class=\"elementor-heading-title elementor-size-default\">Le bistrot au march\u00e9<\/h2>\t\t\t\t<\/div>\n\t\t\t\t<\/div>\n\t\t\t\t<\/div>\n\t\t\t\t\t<\/div>\n\t\t\t\t<\/div>\n\t\t<div class=\"elementor-element elementor-element-1f96f30 e-flex e-con-boxed e-con e-parent\" data-id=\"1f96f30\" data-element_type=\"container\" data-e-type=\"container\">\n\t\t\t\t\t<div class=\"e-con-inner\">\n\t\t\t\t<div class=\"elementor-element elementor-element-f04f93c elementor-widget-divider--view-line elementor-widget elementor-widget-divider\" data-id=\"f04f93c\" data-element_type=\"widget\" data-e-type=\"widget\" data-widget_type=\"divider.default\">\n\t\t\t\t<div class=\"elementor-widget-container\">\n\t\t\t\t\t\t\t<div class=\"elementor-divider\">\n\t\t\t<span class=\"elementor-divider-separator\">\n\t\t\t\t\t\t<\/span>\n\t\t<\/div>\n\t\t\t\t\t\t<\/div>\n\t\t\t\t<\/div>\n\t\t\t\t\t<\/div>\n\t\t\t\t<\/div>\n\t\t<div class=\"elementor-element elementor-element-5f716ac e-flex e-con-boxed e-con e-parent\" data-id=\"5f716ac\" data-element_type=\"container\" data-e-type=\"container\">\n\t\t\t\t\t<div class=\"e-con-inner\">\n\t\t\t\t<div class=\"elementor-element elementor-element-3ce4dbd elementor-widget elementor-widget-heading\" data-id=\"3ce4dbd\" data-element_type=\"widget\" data-e-type=\"widget\" data-widget_type=\"heading.default\">\n\t\t\t\t<div class=\"elementor-widget-container\">\n\t\t\t\t\t<h2 class=\"elementor-heading-title elementor-size-default\">Notre offre<\/h2>\t\t\t\t<\/div>\n\t\t\t\t<\/div>\n\t\t\t\t\t<\/div>\n\t\t\t\t<\/div>\n\t\t<div class=\"elementor-element elementor-element-07d56b6 e-flex e-con-boxed e-con e-parent\" data-id=\"07d56b6\" data-element_type=\"container\" data-e-type=\"container\">\n\t\t\t\t\t<div class=\"e-con-inner\">\n\t\t\t\t<div class=\"elementor-element elementor-element-089d2a7 elementor-widget elementor-widget-text-editor\" data-id=\"089d2a7\" data-element_type=\"widget\" data-e-type=\"widget\" data-widget_type=\"text-editor.default\">\n\t\t\t\t<div class=\"elementor-widget-container\">\n\t\t\t\t\t\t\t\t\t<div><div><p>Retrouvez-nous chaque samedi sur la place du march\u00e9 (Place de la Guierle) \u00e0 Brive-la-gaillarde.<\/p><\/div><div><p>Toutes les semaines nous proposons un menu \u00e0 emporter diff\u00e9rent pour ravirent vos papilles. Que se soit pour un d\u00e9jeuner rapide, un d\u00eener en famille ou un repas entre amis. Profitez d\u2019un repas \u00e0 la maison sans passer par la cuisine.<\/p><\/div><\/div>\t\t\t\t\t\t\t\t<\/div>\n\t\t\t\t<\/div>\n\t\t\t\t\t<\/div>\n\t\t\t\t<\/div>\n\t\t<div class=\"elementor-element elementor-element-5b17099 e-flex e-con-boxed e-con e-parent\" data-id=\"5b17099\" data-element_type=\"container\" data-e-type=\"container\">\n\t\t\t\t\t<div class=\"e-con-inner\">\n\t\t\t\t<div class=\"elementor-element elementor-element-d13ee0b elementor-widget-divider--view-line elementor-widget elementor-widget-divider\" data-id=\"d13ee0b\" data-element_type=\"widget\" data-e-type=\"widget\" data-widget_type=\"divider.default\">\n\t\t\t\t<div class=\"elementor-widget-container\">\n\t\t\t\t\t\t\t<div class=\"elementor-divider\">\n\t\t\t<span class=\"elementor-divider-separator\">\n\t\t\t\t\t\t<\/span>\n\t\t<\/div>\n\t\t\t\t\t\t<\/div>\n\t\t\t\t<\/div>\n\t\t\t\t\t<\/div>\n\t\t\t\t<\/div>\n\t\t<div class=\"elementor-element elementor-element-aeebfa4 e-flex e-con-boxed e-con e-parent\" data-id=\"aeebfa4\" data-element_type=\"container\" data-e-type=\"container\">\n\t\t\t\t\t<div class=\"e-con-inner\">\n\t\t\t\t<div class=\"elementor-element elementor-element-f1d101f elementor-widget elementor-widget-text-editor\" data-id=\"f1d101f\" data-element_type=\"widget\" data-e-type=\"widget\" data-widget_type=\"text-editor.default\">\n\t\t\t\t<div class=\"elementor-widget-container\">\n\t\t\t\t\t\t\t\t\t<div><div><p>Profitez de nos plats, faits maison en toute simplicit\u00e9. Passez votre commande par t\u00e9l\u00e9phone ou par email. Vous pouvez \u00e9galement simplifier votre prise de commande via un sms.<\/p><\/div><div><p>Pour recevoir le menu chaque vendredi envoyez nous email avec votre num\u00e9ro de t\u00e9l\u00e9phone et commandez en r\u00e9pondant par sms.<\/p><\/div><\/div>\t\t\t\t\t\t\t\t<\/div>\n\t\t\t\t<\/div>\n\t\t\t\t\t<\/div>\n\t\t\t\t<\/div>\n\t\t<div class=\"elementor-element elementor-element-3aee910 e-flex e-con-boxed e-con e-parent\" data-id=\"3aee910\" data-element_type=\"container\" data-e-type=\"container\">\n\t\t\t\t\t<div class=\"e-con-inner\">\n\t\t\t\t<div class=\"elementor-element elementor-element-e9286c1 elementor-widget-divider--view-line elementor-widget elementor-widget-divider\" data-id=\"e9286c1\" data-element_type=\"widget\" data-e-type=\"widget\" data-widget_type=\"divider.default\">\n\t\t\t\t<div class=\"elementor-widget-container\">\n\t\t\t\t\t\t\t<div class=\"elementor-divider\">\n\t\t\t<span class=\"elementor-divider-separator\">\n\t\t\t\t\t\t<\/span>\n\t\t<\/div>\n\t\t\t\t\t\t<\/div>\n\t\t\t\t<\/div>\n\t\t\t\t\t<\/div>\n\t\t\t\t<\/div>\n\t\t<div class=\"elementor-element elementor-element-24ed9ec e-flex e-con-boxed e-con e-parent\" data-id=\"24ed9ec\" data-element_type=\"container\" data-e-type=\"container\">\n\t\t\t\t\t<div class=\"e-con-inner\">\n\t\t<div class=\"elementor-element elementor-element-4509f81 e-con-full e-flex e-con e-child\" data-id=\"4509f81\" data-element_type=\"container\" data-e-type=\"container\">\n\t\t\t\t<div class=\"elementor-element elementor-element-ee2168e elementor-widget elementor-widget-heading\" data-id=\"ee2168e\" data-element_type=\"widget\" data-e-type=\"widget\" data-widget_type=\"heading.default\">\n\t\t\t\t<div class=\"elementor-widget-container\">\n\t\t\t\t\t<h2 class=\"elementor-heading-title elementor-size-default\">Nos menus \u00e0 emporter<\/h2>\t\t\t\t<\/div>\n\t\t\t\t<\/div>\n\t\t\t\t<div class=\"elementor-element elementor-element-d33eef0 elementor-widget elementor-widget-text-editor\" data-id=\"d33eef0\" data-element_type=\"widget\" data-e-type=\"widget\" data-widget_type=\"text-editor.default\">\n\t\t\t\t<div class=\"elementor-widget-container\">\n\t\t\t\t\t\t\t\t\t<div><div><p>Des plats cuisin\u00e9s avec des ingr\u00e9dients frais et de qualit\u00e9.<\/p><\/div><div><p>Consultez notre menu changeant chaque semaine.<\/p><p>\u00a0<\/p><\/div><\/div>\t\t\t\t\t\t\t\t<\/div>\n\t\t\t\t<\/div>\n\t\t\t\t<\/div>\n\t\t<div class=\"elementor-element elementor-element-f48a892 e-con-full e-flex e-con e-child\" data-id=\"f48a892\" data-element_type=\"container\" data-e-type=\"container\">\n\t\t\t\t<div class=\"elementor-element elementor-element-aa88ec6 elementor-widget elementor-widget-image\" data-id=\"aa88ec6\" data-element_type=\"widget\" data-e-type=\"widget\" data-widget_type=\"image.default\">\n\t\t\t\t<div class=\"elementor-widget-container\">\n\t\t\t\t\t\t\t\t\t\t\t\t\t\t\t<img fetchpriority=\"high\" decoding=\"async\" width=\"724\" height=\"1024\" src=\"https:\/\/bistrotcforget.fr\/wp-content\/uploads\/2026\/04\/Cocotte-25-AVRIL-724x1024.png\" class=\"attachment-large size-large wp-image-1238\" alt=\"\" srcset=\"https:\/\/bistrotcforget.fr\/wp-content\/uploads\/2026\/04\/Cocotte-25-AVRIL-724x1024.png 724w, https:\/\/bistrotcforget.fr\/wp-content\/uploads\/2026\/04\/Cocotte-25-AVRIL-212x300.png 212w, https:\/\/bistrotcforget.fr\/wp-content\/uploads\/2026\/04\/Cocotte-25-AVRIL-768x1086.png 768w, https:\/\/bistrotcforget.fr\/wp-content\/uploads\/2026\/04\/Cocotte-25-AVRIL-1086x1536.png 1086w, https:\/\/bistrotcforget.fr\/wp-content\/uploads\/2026\/04\/Cocotte-25-AVRIL.png 1414w\" sizes=\"(max-width: 724px) 100vw, 724px\" \/>\t\t\t\t\t\t\t\t\t\t\t\t\t\t\t<\/div>\n\t\t\t\t<\/div>\n\t\t\t\t<div class=\"elementor-element elementor-element-8f5017c elementor-widget elementor-widget-image\" data-id=\"8f5017c\" data-element_type=\"widget\" data-e-type=\"widget\" data-widget_type=\"image.default\">\n\t\t\t\t<div class=\"elementor-widget-container\">\n\t\t\t\t\t\t\t\t\t\t\t\t\t\t\t<img decoding=\"async\" src=\"https:\/\/bistrotcforget.fr\/wp-content\/uploads\/2025\/12\/REEL_STORY-20-DEC.jpg\" title=\"\" alt=\"\" loading=\"lazy\" \/>\t\t\t\t\t\t\t\t\t\t\t\t\t\t\t<\/div>\n\t\t\t\t<\/div>\n\t\t\t\t<\/div>\n\t\t\t\t\t<\/div>\n\t\t\t\t<\/div>\n\t\t<div class=\"elementor-element elementor-element-d14d228 e-flex e-con-boxed e-con e-parent\" data-id=\"d14d228\" data-element_type=\"container\" data-e-type=\"container\">\n\t\t\t\t\t<div class=\"e-con-inner\">\n\t\t\t\t<div class=\"elementor-element elementor-element-264d6af elementor-widget-divider--view-line elementor-widget elementor-widget-divider\" data-id=\"264d6af\" data-element_type=\"widget\" data-e-type=\"widget\" data-widget_type=\"divider.default\">\n\t\t\t\t<div class=\"elementor-widget-container\">\n\t\t\t\t\t\t\t<div class=\"elementor-divider\">\n\t\t\t<span class=\"elementor-divider-separator\">\n\t\t\t\t\t\t<\/span>\n\t\t<\/div>\n\t\t\t\t\t\t<\/div>\n\t\t\t\t<\/div>\n\t\t\t\t\t<\/div>\n\t\t\t\t<\/div>\n\t\t<div class=\"elementor-element elementor-element-482d49c e-flex e-con-boxed e-con e-parent\" data-id=\"482d49c\" data-element_type=\"container\" data-e-type=\"container\">\n\t\t\t\t\t<div class=\"e-con-inner\">\n\t\t\t\t<div class=\"elementor-element elementor-element-c0c4fe3 elementor-widget elementor-widget-heading\" data-id=\"c0c4fe3\" data-element_type=\"widget\" data-e-type=\"widget\" data-widget_type=\"heading.default\">\n\t\t\t\t<div class=\"elementor-widget-container\">\n\t\t\t\t\t<h2 class=\"elementor-heading-title elementor-size-default\">Notre philosophie<\/h2>\t\t\t\t<\/div>\n\t\t\t\t<\/div>\n\t\t\t\t\t<\/div>\n\t\t\t\t<\/div>\n\t\t<div class=\"elementor-element elementor-element-97690cd e-flex e-con-boxed e-con e-parent\" data-id=\"97690cd\" data-element_type=\"container\" data-e-type=\"container\">\n\t\t\t\t\t<div class=\"e-con-inner\">\n\t\t\t\t<div class=\"elementor-element elementor-element-65a97f7 elementor-widget elementor-widget-text-editor\" data-id=\"65a97f7\" data-element_type=\"widget\" data-e-type=\"widget\" data-widget_type=\"text-editor.default\">\n\t\t\t\t<div class=\"elementor-widget-container\">\n\t\t\t\t\t\t\t\t\t<p>Chaque plat est pr\u00e9par\u00e9 avec des ingr\u00e9dients s\u00e9l\u00e9ctionn\u00e9s privil\u00e9giant les produits locaux et de saison. Nos menus sont faits maison avec des recettes inspir\u00e9es de traditions culinaires gourmandes. Que vous soyez adepte de saveurs traditionnelles ou \u00e0 la recherche de nouvelles d\u00e9couvertes, il y en a pour tous les go\u00fbts<\/p>\t\t\t\t\t\t\t\t<\/div>\n\t\t\t\t<\/div>\n\t\t\t\t\t<\/div>\n\t\t\t\t<\/div>\n\t\t<div class=\"elementor-element elementor-element-0284293 e-flex e-con-boxed e-con e-parent\" data-id=\"0284293\" data-element_type=\"container\" data-e-type=\"container\">\n\t\t\t\t\t<div class=\"e-con-inner\">\n\t\t<div class=\"elementor-element elementor-element-22bb2ed e-con-full e-flex e-con e-child\" data-id=\"22bb2ed\" data-element_type=\"container\" data-e-type=\"container\">\n\t\t\t\t<div class=\"elementor-element elementor-element-8c04ca7 elementor-widget elementor-widget-text-editor\" data-id=\"8c04ca7\" data-element_type=\"widget\" data-e-type=\"widget\" data-widget_type=\"text-editor.default\">\n\t\t\t\t<div class=\"elementor-widget-container\">\n\t\t\t\t\t\t\t\t\t<div><div><p><strong>Adresse<\/strong><\/p><\/div><div><p>53 avenue de paris &#8211; 19100 &#8211; Brive-la-gaillarde<\/p><\/div><div><p><strong>T\u00e9l\u00e9phone<\/strong><\/p><\/div><div><p>05 55 74 32 47<\/p><\/div><div><p><strong>Email<\/strong><\/p><\/div><div><p>bistrotcforget@orange.fr<\/p><\/div><\/div>\t\t\t\t\t\t\t\t<\/div>\n\t\t\t\t<\/div>\n\t\t\t\t<\/div>\n\t\t<div class=\"elementor-element elementor-element-838a5f4 e-con-full e-flex e-con e-child\" data-id=\"838a5f4\" data-element_type=\"container\" data-e-type=\"container\">\n\t\t\t\t<div class=\"elementor-element elementor-element-449af1f elementor-widget elementor-widget-text-editor\" data-id=\"449af1f\" data-element_type=\"widget\" data-e-type=\"widget\" data-widget_type=\"text-editor.default\">\n\t\t\t\t<div class=\"elementor-widget-container\">\n\t\t\t\t\t\t\t\t\t<div><p><strong>Horaires d\u2019ouverture<\/strong><\/p><\/div><div><p>Mercredi : 19h15 &#8211; 21h<\/p><\/div><div><p>Jeudi : 12h &#8211; 13h30 \/ 19h15 &#8211; 21h<\/p><\/div><div><p>Vendredi : 12h &#8211; 13h30 \/ 19h15 &#8211; 21h<\/p><\/div><div><p>Samedi : 12h &#8211; 13h30 \/ 19h15 &#8211; 21h<\/p><\/div><div><p>Dimanche : 12h &#8211; 13h30<\/p><\/div>\t\t\t\t\t\t\t\t<\/div>\n\t\t\t\t<\/div>\n\t\t\t\t<\/div>\n\t\t\t\t\t<\/div>\n\t\t\t\t<\/div>\n\t\t<div class=\"elementor-element elementor-element-af1c8d0 e-flex e-con-boxed e-con e-parent\" data-id=\"af1c8d0\" data-element_type=\"container\" data-e-type=\"container\">\n\t\t\t\t\t<div class=\"e-con-inner\">\n\t\t<div class=\"elementor-element elementor-element-754dd12 e-con-full e-flex e-con e-child\" data-id=\"754dd12\" data-element_type=\"container\" data-e-type=\"container\">\n\t\t<div class=\"elementor-element elementor-element-90aded5 e-con-full e-flex e-con e-child\" data-id=\"90aded5\" data-element_type=\"container\" data-e-type=\"container\">\n\t\t\t\t<div class=\"elementor-element elementor-element-b0df54a elementor-widget elementor-widget-text-editor\" data-id=\"b0df54a\" data-element_type=\"widget\" data-e-type=\"widget\" data-widget_type=\"text-editor.default\">\n\t\t\t\t<div class=\"elementor-widget-container\">\n\t\t\t\t\t\t\t\t\t<p>Retour vers la page d&#8217;accueil<\/p>\t\t\t\t\t\t\t\t<\/div>\n\t\t\t\t<\/div>\n\t\t\t\t<div class=\"elementor-element elementor-element-c1ebcdc elementor-align-center elementor-widget elementor-widget-button\" data-id=\"c1ebcdc\" data-element_type=\"widget\" data-e-type=\"widget\" data-widget_type=\"button.default\">\n\t\t\t\t<div class=\"elementor-widget-container\">\n\t\t\t\t\t\t\t\t\t<div class=\"elementor-button-wrapper\">\n\t\t\t\t\t<a class=\"elementor-button elementor-button-link elementor-size-sm\" href=\"https:\/\/bistrotcforget.fr\/\">\n\t\t\t\t\t\t<span class=\"elementor-button-content-wrapper\">\n\t\t\t\t\t\t\t\t\t<span class=\"elementor-button-text\">Cliquez ici<\/span>\n\t\t\t\t\t<\/span>\n\t\t\t\t\t<\/a>\n\t\t\t\t<\/div>\n\t\t\t\t\t\t\t\t<\/div>\n\t\t\t\t<\/div>\n\t\t\t\t<\/div>\n\t\t<div class=\"elementor-element elementor-element-3420968 e-con-full e-flex e-con e-child\" data-id=\"3420968\" data-element_type=\"container\" data-e-type=\"container\">\n\t\t\t\t<div class=\"elementor-element elementor-element-cd84087 elementor-align-center elementor-widget elementor-widget-button\" data-id=\"cd84087\" data-element_type=\"widget\" data-e-type=\"widget\" data-widget_type=\"button.default\">\n\t\t\t\t<div class=\"elementor-widget-container\">\n\t\t\t\t\t\t\t\t\t<div class=\"elementor-button-wrapper\">\n\t\t\t\t\t<a class=\"elementor-button elementor-button-link elementor-size-sm\" href=\"https:\/\/bistrotcforget.fr\/index.php\/mentions-legales-et-politique-de-protection-des-donnees\/\">\n\t\t\t\t\t\t<span class=\"elementor-button-content-wrapper\">\n\t\t\t\t\t\t\t\t\t<span class=\"elementor-button-text\">Mentions l\u00e9gales et politique de protection des donn\u00e9es<\/span>\n\t\t\t\t\t<\/span>\n\t\t\t\t\t<\/a>\n\t\t\t\t<\/div>\n\t\t\t\t\t\t\t\t<\/div>\n\t\t\t\t<\/div>\n\t\t\t\t<div class=\"elementor-element elementor-element-4b913b6 elementor-align-center elementor-widget elementor-widget-button\" data-id=\"4b913b6\" data-element_type=\"widget\" data-e-type=\"widget\" data-widget_type=\"button.default\">\n\t\t\t\t<div class=\"elementor-widget-container\">\n\t\t\t\t\t\t\t\t\t<div class=\"elementor-button-wrapper\">\n\t\t\t\t\t<a class=\"elementor-button elementor-button-link elementor-size-sm\" href=\"https:\/\/bistrotcforget.fr\/index.php\/politique-de-confidentialite\/\">\n\t\t\t\t\t\t<span class=\"elementor-button-content-wrapper\">\n\t\t\t\t\t\t\t\t\t<span class=\"elementor-button-text\">Politique de confidentialit\u00e9<\/span>\n\t\t\t\t\t<\/span>\n\t\t\t\t\t<\/a>\n\t\t\t\t<\/div>\n\t\t\t\t\t\t\t\t<\/div>\n\t\t\t\t<\/div>\n\t\t\t\t<\/div>\n\t\t\t\t<\/div>\n\t\t\t\t\t<\/div>\n\t\t\t\t<\/div>\n\t\t\t\t<\/div>\n\t\t","protected":false},"excerpt":{"rendered":"<p>Le bistrot au march\u00e9 Notre offre Retrouvez-nous chaque samedi sur la place du march\u00e9 (Place de la Guierle) \u00e0 Brive-la-gaillarde. Toutes les semaines nous proposons un menu \u00e0 emporter diff\u00e9rent pour ravirent vos papilles. Que se soit pour un d\u00e9jeuner rapide, un d\u00eener en famille ou un repas entre amis. Profitez d\u2019un repas \u00e0 la [&hellip;]<\/p>\n","protected":false},"author":1,"featured_media":0,"parent":0,"menu_order":0,"comment_status":"closed","ping_status":"closed","template":"page-no-title","meta":{"footnotes":""},"class_list":["post-77","page","type-page","status-publish","hentry"],"yoast_head":"<!-- This site is optimized with the Yoast SEO plugin v24.4 - https:\/\/yoast.com\/wordpress\/plugins\/seo\/ -->\n<title>Le bistrot au march\u00e9 - Bistrot C Forget<\/title>\n<meta name=\"description\" content=\"Retrouvez-nous chaque samedi sur la place du march\u00e9 \u00e0 Brive-la-gaillarde.Toutes les semaines nous proposons un menu \u00e0 emporter diff\u00e9rent.\" \/>\n<meta name=\"robots\" content=\"index, follow, max-snippet:-1, max-image-preview:large, max-video-preview:-1\" \/>\n<link rel=\"canonical\" href=\"https:\/\/bistrotcforget.fr\/index.php\/les-cocottes-du-marche\/\" \/>\n<meta property=\"og:locale\" content=\"en_US\" \/>\n<meta property=\"og:type\" content=\"article\" \/>\n<meta property=\"og:title\" content=\"Le bistrot au march\u00e9 - Bistrot C Forget\" \/>\n<meta property=\"og:description\" content=\"Retrouvez-nous chaque samedi sur la place du march\u00e9 \u00e0 Brive-la-gaillarde.Toutes les semaines nous proposons un menu \u00e0 emporter diff\u00e9rent.\" \/>\n<meta property=\"og:url\" content=\"https:\/\/bistrotcforget.fr\/index.php\/les-cocottes-du-marche\/\" \/>\n<meta property=\"og:site_name\" content=\"Bistrot C Forget\" \/>\n<meta property=\"article:modified_time\" content=\"2026-04-23T10:34:29+00:00\" \/>\n<meta property=\"og:image\" content=\"https:\/\/bistrotcforget.fr\/wp-content\/uploads\/2026\/04\/Cocotte-25-AVRIL-724x1024.png\" \/>\n<meta name=\"twitter:card\" content=\"summary_large_image\" \/>\n<meta name=\"twitter:label1\" content=\"Est. reading time\" \/>\n\t<meta name=\"twitter:data1\" content=\"2 minutes\" \/>\n<script type=\"application\/ld+json\" class=\"yoast-schema-graph\">{\"@context\":\"https:\/\/schema.org\",\"@graph\":[{\"@type\":\"WebPage\",\"@id\":\"https:\/\/bistrotcforget.fr\/index.php\/les-cocottes-du-marche\/\",\"url\":\"https:\/\/bistrotcforget.fr\/index.php\/les-cocottes-du-marche\/\",\"name\":\"Le bistrot au march\u00e9 - Bistrot C Forget\",\"isPartOf\":{\"@id\":\"https:\/\/bistrotcforget.fr\/#website\"},\"primaryImageOfPage\":{\"@id\":\"https:\/\/bistrotcforget.fr\/index.php\/les-cocottes-du-marche\/#primaryimage\"},\"image\":{\"@id\":\"https:\/\/bistrotcforget.fr\/index.php\/les-cocottes-du-marche\/#primaryimage\"},\"thumbnailUrl\":\"https:\/\/bistrotcforget.fr\/wp-content\/uploads\/2026\/04\/Cocotte-25-AVRIL-724x1024.png\",\"datePublished\":\"2025-02-07T17:25:37+00:00\",\"dateModified\":\"2026-04-23T10:34:29+00:00\",\"description\":\"Retrouvez-nous chaque samedi sur la place du march\u00e9 \u00e0 Brive-la-gaillarde.Toutes les semaines nous proposons un menu \u00e0 emporter diff\u00e9rent.\",\"breadcrumb\":{\"@id\":\"https:\/\/bistrotcforget.fr\/index.php\/les-cocottes-du-marche\/#breadcrumb\"},\"inLanguage\":\"en-US\",\"potentialAction\":[{\"@type\":\"ReadAction\",\"target\":[\"https:\/\/bistrotcforget.fr\/index.php\/les-cocottes-du-marche\/\"]}]},{\"@type\":\"ImageObject\",\"inLanguage\":\"en-US\",\"@id\":\"https:\/\/bistrotcforget.fr\/index.php\/les-cocottes-du-marche\/#primaryimage\",\"url\":\"https:\/\/bistrotcforget.fr\/wp-content\/uploads\/2026\/04\/Cocotte-25-AVRIL.png\",\"contentUrl\":\"https:\/\/bistrotcforget.fr\/wp-content\/uploads\/2026\/04\/Cocotte-25-AVRIL.png\",\"width\":1414,\"height\":2000},{\"@type\":\"BreadcrumbList\",\"@id\":\"https:\/\/bistrotcforget.fr\/index.php\/les-cocottes-du-marche\/#breadcrumb\",\"itemListElement\":[{\"@type\":\"ListItem\",\"position\":1,\"name\":\"Home\",\"item\":\"https:\/\/bistrotcforget.fr\/\"},{\"@type\":\"ListItem\",\"position\":2,\"name\":\"Le bistrot au march\u00e9\"}]},{\"@type\":\"WebSite\",\"@id\":\"https:\/\/bistrotcforget.fr\/#website\",\"url\":\"https:\/\/bistrotcforget.fr\/\",\"name\":\"Bistrot C Forget\",\"description\":\"La cuisine est un univers qui m\u00e9rite d&#039;\u00eatre partag\u00e9\",\"publisher\":{\"@id\":\"https:\/\/bistrotcforget.fr\/#organization\"},\"potentialAction\":[{\"@type\":\"SearchAction\",\"target\":{\"@type\":\"EntryPoint\",\"urlTemplate\":\"https:\/\/bistrotcforget.fr\/?s={search_term_string}\"},\"query-input\":{\"@type\":\"PropertyValueSpecification\",\"valueRequired\":true,\"valueName\":\"search_term_string\"}}],\"inLanguage\":\"en-US\"},{\"@type\":\"Organization\",\"@id\":\"https:\/\/bistrotcforget.fr\/#organization\",\"name\":\"Bistrot C Forget\",\"url\":\"https:\/\/bistrotcforget.fr\/\",\"logo\":{\"@type\":\"ImageObject\",\"inLanguage\":\"en-US\",\"@id\":\"https:\/\/bistrotcforget.fr\/#\/schema\/logo\/image\/\",\"url\":\"https:\/\/bistrotcforget.fr\/wp-content\/uploads\/2025\/02\/BISTROT-C-FORGET-LOGO-ANIMATION.png\",\"contentUrl\":\"https:\/\/bistrotcforget.fr\/wp-content\/uploads\/2025\/02\/BISTROT-C-FORGET-LOGO-ANIMATION.png\",\"width\":2253,\"height\":896,\"caption\":\"Bistrot C Forget\"},\"image\":{\"@id\":\"https:\/\/bistrotcforget.fr\/#\/schema\/logo\/image\/\"}}]}<\/script>\n<!-- \/ Yoast SEO plugin. -->","yoast_head_json":{"title":"Le bistrot au march\u00e9 - Bistrot C Forget","description":"Retrouvez-nous chaque samedi sur la place du march\u00e9 \u00e0 Brive-la-gaillarde.Toutes les semaines nous proposons un menu \u00e0 emporter diff\u00e9rent.","robots":{"index":"index","follow":"follow","max-snippet":"max-snippet:-1","max-image-preview":"max-image-preview:large","max-video-preview":"max-video-preview:-1"},"canonical":"https:\/\/bistrotcforget.fr\/index.php\/les-cocottes-du-marche\/","og_locale":"en_US","og_type":"article","og_title":"Le bistrot au march\u00e9 - Bistrot C Forget","og_description":"Retrouvez-nous chaque samedi sur la place du march\u00e9 \u00e0 Brive-la-gaillarde.Toutes les semaines nous proposons un menu \u00e0 emporter diff\u00e9rent.","og_url":"https:\/\/bistrotcforget.fr\/index.php\/les-cocottes-du-marche\/","og_site_name":"Bistrot C Forget","article_modified_time":"2026-04-23T10:34:29+00:00","og_image":[{"url":"https:\/\/bistrotcforget.fr\/wp-content\/uploads\/2026\/04\/Cocotte-25-AVRIL-724x1024.png","type":"","width":"","height":""}],"twitter_card":"summary_large_image","twitter_misc":{"Est. reading time":"2 minutes"},"schema":{"@context":"https:\/\/schema.org","@graph":[{"@type":"WebPage","@id":"https:\/\/bistrotcforget.fr\/index.php\/les-cocottes-du-marche\/","url":"https:\/\/bistrotcforget.fr\/index.php\/les-cocottes-du-marche\/","name":"Le bistrot au march\u00e9 - Bistrot C Forget","isPartOf":{"@id":"https:\/\/bistrotcforget.fr\/#website"},"primaryImageOfPage":{"@id":"https:\/\/bistrotcforget.fr\/index.php\/les-cocottes-du-marche\/#primaryimage"},"image":{"@id":"https:\/\/bistrotcforget.fr\/index.php\/les-cocottes-du-marche\/#primaryimage"},"thumbnailUrl":"https:\/\/bistrotcforget.fr\/wp-content\/uploads\/2026\/04\/Cocotte-25-AVRIL-724x1024.png","datePublished":"2025-02-07T17:25:37+00:00","dateModified":"2026-04-23T10:34:29+00:00","description":"Retrouvez-nous chaque samedi sur la place du march\u00e9 \u00e0 Brive-la-gaillarde.Toutes les semaines nous proposons un menu \u00e0 emporter diff\u00e9rent.","breadcrumb":{"@id":"https:\/\/bistrotcforget.fr\/index.php\/les-cocottes-du-marche\/#breadcrumb"},"inLanguage":"en-US","potentialAction":[{"@type":"ReadAction","target":["https:\/\/bistrotcforget.fr\/index.php\/les-cocottes-du-marche\/"]}]},{"@type":"ImageObject","inLanguage":"en-US","@id":"https:\/\/bistrotcforget.fr\/index.php\/les-cocottes-du-marche\/#primaryimage","url":"https:\/\/bistrotcforget.fr\/wp-content\/uploads\/2026\/04\/Cocotte-25-AVRIL.png","contentUrl":"https:\/\/bistrotcforget.fr\/wp-content\/uploads\/2026\/04\/Cocotte-25-AVRIL.png","width":1414,"height":2000},{"@type":"BreadcrumbList","@id":"https:\/\/bistrotcforget.fr\/index.php\/les-cocottes-du-marche\/#breadcrumb","itemListElement":[{"@type":"ListItem","position":1,"name":"Home","item":"https:\/\/bistrotcforget.fr\/"},{"@type":"ListItem","position":2,"name":"Le bistrot au march\u00e9"}]},{"@type":"WebSite","@id":"https:\/\/bistrotcforget.fr\/#website","url":"https:\/\/bistrotcforget.fr\/","name":"Bistrot C Forget","description":"La cuisine est un univers qui m\u00e9rite d&#039;\u00eatre partag\u00e9","publisher":{"@id":"https:\/\/bistrotcforget.fr\/#organization"},"potentialAction":[{"@type":"SearchAction","target":{"@type":"EntryPoint","urlTemplate":"https:\/\/bistrotcforget.fr\/?s={search_term_string}"},"query-input":{"@type":"PropertyValueSpecification","valueRequired":true,"valueName":"search_term_string"}}],"inLanguage":"en-US"},{"@type":"Organization","@id":"https:\/\/bistrotcforget.fr\/#organization","name":"Bistrot C Forget","url":"https:\/\/bistrotcforget.fr\/","logo":{"@type":"ImageObject","inLanguage":"en-US","@id":"https:\/\/bistrotcforget.fr\/#\/schema\/logo\/image\/","url":"https:\/\/bistrotcforget.fr\/wp-content\/uploads\/2025\/02\/BISTROT-C-FORGET-LOGO-ANIMATION.png","contentUrl":"https:\/\/bistrotcforget.fr\/wp-content\/uploads\/2025\/02\/BISTROT-C-FORGET-LOGO-ANIMATION.png","width":2253,"height":896,"caption":"Bistrot C Forget"},"image":{"@id":"https:\/\/bistrotcforget.fr\/#\/schema\/logo\/image\/"}}]}},"_links":{"self":[{"href":"https:\/\/bistrotcforget.fr\/index.php\/wp-json\/wp\/v2\/pages\/77","targetHints":{"allow":["GET"]}}],"collection":[{"href":"https:\/\/bistrotcforget.fr\/index.php\/wp-json\/wp\/v2\/pages"}],"about":[{"href":"https:\/\/bistrotcforget.fr\/index.php\/wp-json\/wp\/v2\/types\/page"}],"author":[{"embeddable":true,"href":"https:\/\/bistrotcforget.fr\/index.php\/wp-json\/wp\/v2\/users\/1"}],"replies":[{"embeddable":true,"href":"https:\/\/bistrotcforget.fr\/index.php\/wp-json\/wp\/v2\/comments?post=77"}],"version-history":[{"count":160,"href":"https:\/\/bistrotcforget.fr\/index.php\/wp-json\/wp\/v2\/pages\/77\/revisions"}],"predecessor-version":[{"id":1244,"href":"https:\/\/bistrotcforget.fr\/index.php\/wp-json\/wp\/v2\/pages\/77\/revisions\/1244"}],"wp:attachment":[{"href":"https:\/\/bistrotcforget.fr\/index.php\/wp-json\/wp\/v2\/media?parent=77"}],"curies":[{"name":"wp","href":"https:\/\/api.w.org\/{rel}","templated":true}]}}